{"id":537,"date":"2025-07-07T14:56:46","date_gmt":"2025-07-07T12:56:46","guid":{"rendered":"https:\/\/www.viaferrata-alpes.com\/prices-booking\/"},"modified":"2026-08-24T11:54:02","modified_gmt":"2026-08-24T09:54:02","slug":"prices-booking","status":"publish","type":"page","link":"https:\/\/www.viaferrata-alpes.com\/en\/prices-booking\/","title":{"rendered":"Prices &#038; booking"},"content":{"rendered":"\n<div class=\"wp-block-ws-library-ws-header-interne alignfull\"><div class=\"alignwide\"><div class=\"yoast-breadcrumbs\"><span><span><a href=\"https:\/\/www.viaferrata-alpes.com\/en\/\">Home<\/a><\/span>  <span class=\"breadcrumb_last\" aria-current=\"page\">Prices &#038; booking<\/span><\/span><\/div><div class=\"columns\"><div class=\"group-media has-image\"><img loading=\"lazy\" decoding=\"async\" width=\"2560\" height=\"1703\" src=\"https:\/\/www.viaferrata-alpes.com\/wp-content\/uploads\/2025\/05\/2019-ffachraoul-getraud13-2-scaled.jpg\" alt=\"\" class=\"image_large_square wp-image-402 \" srcset=\"https:\/\/www.viaferrata-alpes.com\/wp-content\/uploads\/2025\/05\/2019-ffachraoul-getraud13-2-scaled.jpg 2560w, https:\/\/www.viaferrata-alpes.com\/wp-content\/uploads\/2025\/05\/2019-ffachraoul-getraud13-2-scaled-300x200.jpg 300w, https:\/\/www.viaferrata-alpes.com\/wp-content\/uploads\/2025\/05\/2019-ffachraoul-getraud13-2-scaled-1024x681.jpg 1024w, https:\/\/www.viaferrata-alpes.com\/wp-content\/uploads\/2025\/05\/2019-ffachraoul-getraud13-2-scaled-768x511.jpg 768w, https:\/\/www.viaferrata-alpes.com\/wp-content\/uploads\/2025\/05\/2019-ffachraoul-getraud13-2-scaled-1536x1022.jpg 1536w, https:\/\/www.viaferrata-alpes.com\/wp-content\/uploads\/2025\/05\/2019-ffachraoul-getraud13-2-scaled-2048x1362.jpg 2048w, https:\/\/www.viaferrata-alpes.com\/wp-content\/uploads\/2025\/05\/2019-ffachraoul-getraud13-2-scaled-960x640.jpg 960w, https:\/\/www.viaferrata-alpes.com\/wp-content\/uploads\/2025\/05\/2019-ffachraoul-getraud13-2-scaled-100x67.jpg 100w\" sizes=\"auto, (max-width: 2560px) 100vw, 2560px\" \/><\/div><div class=\"group-content\"><div class=\"title\"><h1>Tarifs &amp; r\u00e9servation<\/h1><\/div><div class=\"introduction\"><p><\/p><\/div><\/div><\/div><\/div><\/div>\n\n\n\n<h2 class=\"wp-block-heading has-text-align-center\"><br><strong>La r\u00e9servation est obligatoire&nbsp;!<\/strong><\/h2>\n\n\n\n<p class=\"has-text-align-left wp-block-paragraph\"><strong>En pleine saison,<\/strong> <\/p>\n\n\n\n<p class=\"has-text-align-left wp-block-paragraph\">une arriv\u00e9e sans r\u00e9servation risque de retarder votre d\u00e9part. <\/p>\n\n\n\n<p class=\"has-text-align-left wp-block-paragraph\">Les personnes ayant r\u00e9serv\u00e9es sont accueillies sur leur cr\u00e9neau horaire. Une visite \u00e0 l\u2019improviste, m\u00eame s\u2019il ne s\u2019agit que de valider des acc\u00e8s, ne nous permettra pas de vous accueillir dans de bonnes conditions.<br>Hors saison et notamment en saison hivernale, le bureau peut \u00eatre ferm\u00e9 (d\u00e9placements professionnels, cong\u00e9s\u2026).<\/p>\n\n\n\n<p class=\"has-text-align-left wp-block-paragraph\">Par ailleurs, si vous louez du mat\u00e9riel, nous avons besoin d\u2019un certain nombre de renseignements, notamment si des jeunes vous accompagnent (poids, taille, exp\u00e9rience\u2026) avant de valider votre venue.<\/p>\n\n\n\n<h2 class=\"wp-block-heading\">Nos tarifs<\/h2>\n\n\n\n<figure class=\"wp-block-table is-style-stripes\"><table class=\"has-fixed-layout\"><tbody><tr><td class=\"has-text-align-center\" data-align=\"center\"><br>Redevance d\u2019acc\u00e8s<\/td><td class=\"has-text-align-center\" data-align=\"center\"><br>Equipement complet* (baudrier, casque, longes de progression, poulie, d\u00e9gaine de repos)<\/td><td class=\"has-text-align-center\" data-align=\"center\"><br>Equipement partiel** (baudrier ou casque ou longes de progression ou poulie ou d\u00e9gaine de repos)<\/td><\/tr><tr><td class=\"has-text-align-center\" data-align=\"center\">5 \u20ac TTC \/ pers.<\/td><td class=\"has-text-align-center\" data-align=\"center\">13 \u20ac TTC<\/td><td class=\"has-text-align-center\" data-align=\"center\">5 \u20ac TTC<\/td><\/tr><\/tbody><\/table><\/figure>\n\n\n\n<p class=\"wp-block-paragraph\"><br>Vous pourrez r\u00e9gler en\u00a0: carte bancaire, esp\u00e8ces, ch\u00e8que, ch\u00e8ques vacances, virement bancaire.<\/p>\n\n\n\n<div class=\"wp-block-ws-library-ws-documents\">\n<div class=\"wp-block-ws-library-ws-document\"><a href=\"https:\/\/www.viaferrata-alpes.com\/wp-content\/uploads\/2026\/02\/conditions-generales-de-vente-2026-2.pdf\" target=\"_blank\" rel=\"noopener noreferrer\" class=\"link-document\">Conditions g\u00e9n\u00e9rales de vente 2026<\/a><\/div>\n<\/div>\n\n\n\n<h2 class=\"wp-block-heading\">Pourquoi un acc\u00e8s payant ?<\/h2>\n\n\n\n<p class=\"wp-block-paragraph\">Une via ferrata est un \u00e9quipement sportif touristique qui repr\u00e9sente un certain investissement pour son am\u00e9nagement et son entretien afin d\u2019assurer votre s\u00e9curit\u00e9. Certains sites ont \u00e9t\u00e9 cr\u00e9\u00e9s sur des territoires aux ressources financi\u00e8res tr\u00e8s faibles. Le village du Caire est dans ce cas.<\/p>\n\n\n\n<p class=\"wp-block-paragraph\">Nous avons fait le pari de participer \u00e0 la vie de ce territoire en valorisant ses rochers. Ainsi le choix a \u00e9t\u00e9 retenu de demander leur contribution aux pratiquants plut\u00f4t qu\u2019aux habitants via leurs imp\u00f4ts locaux. Aussi, en \u00e9change du plaisir que vous aurez \u00e0 parcourir ces itin\u00e9raires, vous concourrez \u00e0 leur d\u00e9veloppement et maintien. Merci !<\/p>\n\n\n\n<h2 class=\"wp-block-heading\">La redevance d\u2019acc\u00e8s au site permet :<\/h2>\n\n\n\n<ul class=\"wp-block-list\">\n<li>la maintenance r\u00e9guli\u00e8re de l\u2019\u00e9quipement,<\/li>\n\n\n\n<li>la location d\u2019EPI sur place,<\/li>\n\n\n\n<li>les investissements successifs qui font de cet itin\u00e9raire l\u2019un des plus appr\u00e9ci\u00e9s et s\u00e9curis\u00e9s de France, <\/li>\n\n\n\n<li>d\u2019assurer une gestion rapide des secours en cas d\u2019accident.<\/li>\n<\/ul>\n\n\n\n<p class=\"wp-block-paragraph\"><\/p>\n\n","protected":false},"excerpt":{"rendered":"<p>La r\u00e9servation est obligatoire&nbsp;! En pleine saison, une arriv\u00e9e sans r\u00e9servation risque de retarder votre d\u00e9part. Les personnes ayant r\u00e9serv\u00e9es sont accueillies sur leur cr\u00e9neau horaire. Une visite \u00e0 l\u2019improviste, m\u00eame s\u2019il ne s\u2019agit que de valider des acc\u00e8s, ne nous permettra pas de vous accueillir dans de bonnes conditions.Hors saison et notamment en saison [&hellip;]<\/p>\n","protected":false},"author":1,"featured_media":0,"parent":0,"menu_order":0,"comment_status":"closed","ping_status":"closed","template":"","meta":{"_acf_changed":false,"footnotes":""},"class_list":["post-537","page","type-page","status-publish","hentry"],"acf":[],"yoast_head":"<!-- This site is optimized with the Yoast SEO plugin v28.3 - https:\/\/yoast.com\/product\/yoast-seo-wordpress\/ -->\n<title>Prices &amp; booking - Viaferrata Alpes<\/title>\n<meta name=\"robots\" content=\"index, follow, max-snippet:-1, max-image-preview:large, max-video-preview:-1\" \/>\n<link rel=\"canonical\" href=\"https:\/\/www.viaferrata-alpes.com\/en\/prices-booking\/\" \/>\n<meta property=\"og:locale\" content=\"en_US\" \/>\n<meta property=\"og:type\" content=\"article\" \/>\n<meta property=\"og:title\" content=\"Prices &amp; booking - Viaferrata Alpes\" \/>\n<meta property=\"og:description\" content=\"La r\u00e9servation est obligatoire&nbsp;! En pleine saison, une arriv\u00e9e sans r\u00e9servation risque de retarder votre d\u00e9part. Les personnes ayant r\u00e9serv\u00e9es sont accueillies sur leur cr\u00e9neau horaire. Une visite \u00e0 l\u2019improviste, m\u00eame s\u2019il ne s\u2019agit que de valider des acc\u00e8s, ne nous permettra pas de vous accueillir dans de bonnes conditions.Hors saison et notamment en saison [&hellip;]\" \/>\n<meta property=\"og:url\" content=\"https:\/\/www.viaferrata-alpes.com\/en\/prices-booking\/\" \/>\n<meta property=\"og:site_name\" content=\"Viaferrata Alpes\" \/>\n<meta property=\"article:modified_time\" content=\"2026-08-24T09:54:02+00:00\" \/>\n<meta property=\"og:image\" content=\"https:\/\/www.viaferrata-alpes.com\/wp-content\/uploads\/2025\/05\/2019-ffachraoul-getraud13-2-scaled.jpg\" \/>\n\t<meta property=\"og:image:width\" content=\"2560\" \/>\n\t<meta property=\"og:image:height\" content=\"1703\" \/>\n\t<meta property=\"og:image:type\" content=\"image\/jpeg\" \/>\n<meta name=\"twitter:card\" content=\"summary_large_image\" \/>\n<meta name=\"twitter:label1\" content=\"Est. reading time\" \/>\n\t<meta name=\"twitter:data1\" content=\"2 minutes\" \/>\n<script type=\"application\/ld+json\" class=\"yoast-schema-graph\">{\"@context\":\"https:\\\/\\\/schema.org\",\"@graph\":[{\"@type\":\"WebPage\",\"@id\":\"https:\\\/\\\/www.viaferrata-alpes.com\\\/en\\\/prices-booking\\\/\",\"url\":\"https:\\\/\\\/www.viaferrata-alpes.com\\\/en\\\/prices-booking\\\/\",\"name\":\"Prices & booking - Viaferrata Alpes\",\"isPartOf\":{\"@id\":\"https:\\\/\\\/www.viaferrata-alpes.com\\\/en\\\/#website\"},\"primaryImageOfPage\":{\"@id\":\"https:\\\/\\\/www.viaferrata-alpes.com\\\/en\\\/prices-booking\\\/#primaryimage\"},\"image\":{\"@id\":\"https:\\\/\\\/www.viaferrata-alpes.com\\\/en\\\/prices-booking\\\/#primaryimage\"},\"thumbnailUrl\":\"https:\\\/\\\/www.viaferrata-alpes.com\\\/wp-content\\\/uploads\\\/2025\\\/05\\\/2019-ffachraoul-getraud13-2-scaled.jpg\",\"datePublished\":\"2025-07-07T12:56:46+00:00\",\"dateModified\":\"2026-08-24T09:54:02+00:00\",\"breadcrumb\":{\"@id\":\"https:\\\/\\\/www.viaferrata-alpes.com\\\/en\\\/prices-booking\\\/#breadcrumb\"},\"inLanguage\":\"en-US\",\"potentialAction\":[{\"@type\":\"ReadAction\",\"target\":[\"https:\\\/\\\/www.viaferrata-alpes.com\\\/en\\\/prices-booking\\\/\"]}]},{\"@type\":\"ImageObject\",\"inLanguage\":\"en-US\",\"@id\":\"https:\\\/\\\/www.viaferrata-alpes.com\\\/en\\\/prices-booking\\\/#primaryimage\",\"url\":\"https:\\\/\\\/www.viaferrata-alpes.com\\\/wp-content\\\/uploads\\\/2025\\\/05\\\/2019-ffachraoul-getraud13-2-scaled.jpg\",\"contentUrl\":\"https:\\\/\\\/www.viaferrata-alpes.com\\\/wp-content\\\/uploads\\\/2025\\\/05\\\/2019-ffachraoul-getraud13-2-scaled.jpg\"},{\"@type\":\"BreadcrumbList\",\"@id\":\"https:\\\/\\\/www.viaferrata-alpes.com\\\/en\\\/prices-booking\\\/#breadcrumb\",\"itemListElement\":[{\"@type\":\"ListItem\",\"position\":1,\"name\":\"Home\",\"item\":\"https:\\\/\\\/www.viaferrata-alpes.com\\\/en\\\/\"},{\"@type\":\"ListItem\",\"position\":2,\"name\":\"Prices &#038; booking\"}]},{\"@type\":\"WebSite\",\"@id\":\"https:\\\/\\\/www.viaferrata-alpes.com\\\/en\\\/#website\",\"url\":\"https:\\\/\\\/www.viaferrata-alpes.com\\\/en\\\/\",\"name\":\"Viaferrata Alpes\",\"description\":\"\",\"publisher\":{\"@id\":\"https:\\\/\\\/www.viaferrata-alpes.com\\\/en\\\/#organization\"},\"potentialAction\":[{\"@type\":\"SearchAction\",\"target\":{\"@type\":\"EntryPoint\",\"urlTemplate\":\"https:\\\/\\\/www.viaferrata-alpes.com\\\/en\\\/?s={search_term_string}\"},\"query-input\":{\"@type\":\"PropertyValueSpecification\",\"valueRequired\":true,\"valueName\":\"search_term_string\"}}],\"inLanguage\":\"en-US\"},{\"@type\":\"Organization\",\"@id\":\"https:\\\/\\\/www.viaferrata-alpes.com\\\/en\\\/#organization\",\"name\":\"Viaferrata Alpes\",\"url\":\"https:\\\/\\\/www.viaferrata-alpes.com\\\/en\\\/\",\"logo\":{\"@type\":\"ImageObject\",\"inLanguage\":\"en-US\",\"@id\":\"https:\\\/\\\/www.viaferrata-alpes.com\\\/en\\\/#\\\/schema\\\/logo\\\/image\\\/\",\"url\":\"https:\\\/\\\/www.viaferrata-alpes.com\\\/wp-content\\\/uploads\\\/2025\\\/06\\\/viaferrata-vertical-1.svg\",\"contentUrl\":\"https:\\\/\\\/www.viaferrata-alpes.com\\\/wp-content\\\/uploads\\\/2025\\\/06\\\/viaferrata-vertical-1.svg\",\"caption\":\"Viaferrata Alpes\"},\"image\":{\"@id\":\"https:\\\/\\\/www.viaferrata-alpes.com\\\/en\\\/#\\\/schema\\\/logo\\\/image\\\/\"}}]}<\/script>\n<!-- \/ Yoast SEO plugin. -->","yoast_head_json":{"title":"Prices & booking - Viaferrata Alpes","robots":{"index":"index","follow":"follow","max-snippet":"max-snippet:-1","max-image-preview":"max-image-preview:large","max-video-preview":"max-video-preview:-1"},"canonical":"https:\/\/www.viaferrata-alpes.com\/en\/prices-booking\/","og_locale":"en_US","og_type":"article","og_title":"Prices & booking - Viaferrata Alpes","og_description":"La r\u00e9servation est obligatoire&nbsp;! En pleine saison, une arriv\u00e9e sans r\u00e9servation risque de retarder votre d\u00e9part. Les personnes ayant r\u00e9serv\u00e9es sont accueillies sur leur cr\u00e9neau horaire. Une visite \u00e0 l\u2019improviste, m\u00eame s\u2019il ne s\u2019agit que de valider des acc\u00e8s, ne nous permettra pas de vous accueillir dans de bonnes conditions.Hors saison et notamment en saison [&hellip;]","og_url":"https:\/\/www.viaferrata-alpes.com\/en\/prices-booking\/","og_site_name":"Viaferrata Alpes","article_modified_time":"2026-08-24T09:54:02+00:00","og_image":[{"width":2560,"height":1703,"url":"https:\/\/www.viaferrata-alpes.com\/wp-content\/uploads\/2025\/05\/2019-ffachraoul-getraud13-2-scaled.jpg","type":"image\/jpeg"}],"twitter_card":"summary_large_image","twitter_misc":{"Est. reading time":"2 minutes"},"schema":{"@context":"https:\/\/schema.org","@graph":[{"@type":"WebPage","@id":"https:\/\/www.viaferrata-alpes.com\/en\/prices-booking\/","url":"https:\/\/www.viaferrata-alpes.com\/en\/prices-booking\/","name":"Prices & booking - Viaferrata Alpes","isPartOf":{"@id":"https:\/\/www.viaferrata-alpes.com\/en\/#website"},"primaryImageOfPage":{"@id":"https:\/\/www.viaferrata-alpes.com\/en\/prices-booking\/#primaryimage"},"image":{"@id":"https:\/\/www.viaferrata-alpes.com\/en\/prices-booking\/#primaryimage"},"thumbnailUrl":"https:\/\/www.viaferrata-alpes.com\/wp-content\/uploads\/2025\/05\/2019-ffachraoul-getraud13-2-scaled.jpg","datePublished":"2025-07-07T12:56:46+00:00","dateModified":"2026-08-24T09:54:02+00:00","breadcrumb":{"@id":"https:\/\/www.viaferrata-alpes.com\/en\/prices-booking\/#breadcrumb"},"inLanguage":"en-US","potentialAction":[{"@type":"ReadAction","target":["https:\/\/www.viaferrata-alpes.com\/en\/prices-booking\/"]}]},{"@type":"ImageObject","inLanguage":"en-US","@id":"https:\/\/www.viaferrata-alpes.com\/en\/prices-booking\/#primaryimage","url":"https:\/\/www.viaferrata-alpes.com\/wp-content\/uploads\/2025\/05\/2019-ffachraoul-getraud13-2-scaled.jpg","contentUrl":"https:\/\/www.viaferrata-alpes.com\/wp-content\/uploads\/2025\/05\/2019-ffachraoul-getraud13-2-scaled.jpg"},{"@type":"BreadcrumbList","@id":"https:\/\/www.viaferrata-alpes.com\/en\/prices-booking\/#breadcrumb","itemListElement":[{"@type":"ListItem","position":1,"name":"Home","item":"https:\/\/www.viaferrata-alpes.com\/en\/"},{"@type":"ListItem","position":2,"name":"Prices &#038; booking"}]},{"@type":"WebSite","@id":"https:\/\/www.viaferrata-alpes.com\/en\/#website","url":"https:\/\/www.viaferrata-alpes.com\/en\/","name":"Viaferrata Alpes","description":"","publisher":{"@id":"https:\/\/www.viaferrata-alpes.com\/en\/#organization"},"potentialAction":[{"@type":"SearchAction","target":{"@type":"EntryPoint","urlTemplate":"https:\/\/www.viaferrata-alpes.com\/en\/?s={search_term_string}"},"query-input":{"@type":"PropertyValueSpecification","valueRequired":true,"valueName":"search_term_string"}}],"inLanguage":"en-US"},{"@type":"Organization","@id":"https:\/\/www.viaferrata-alpes.com\/en\/#organization","name":"Viaferrata Alpes","url":"https:\/\/www.viaferrata-alpes.com\/en\/","logo":{"@type":"ImageObject","inLanguage":"en-US","@id":"https:\/\/www.viaferrata-alpes.com\/en\/#\/schema\/logo\/image\/","url":"https:\/\/www.viaferrata-alpes.com\/wp-content\/uploads\/2025\/06\/viaferrata-vertical-1.svg","contentUrl":"https:\/\/www.viaferrata-alpes.com\/wp-content\/uploads\/2025\/06\/viaferrata-vertical-1.svg","caption":"Viaferrata Alpes"},"image":{"@id":"https:\/\/www.viaferrata-alpes.com\/en\/#\/schema\/logo\/image\/"}}]}},"_links":{"self":[{"href":"https:\/\/www.viaferrata-alpes.com\/en\/wp-json\/wp\/v2\/pages\/537","targetHints":{"allow":["GET"]}}],"collection":[{"href":"https:\/\/www.viaferrata-alpes.com\/en\/wp-json\/wp\/v2\/pages"}],"about":[{"href":"https:\/\/www.viaferrata-alpes.com\/en\/wp-json\/wp\/v2\/types\/page"}],"author":[{"embeddable":true,"href":"https:\/\/www.viaferrata-alpes.com\/en\/wp-json\/wp\/v2\/users\/1"}],"replies":[{"embeddable":true,"href":"https:\/\/www.viaferrata-alpes.com\/en\/wp-json\/wp\/v2\/comments?post=537"}],"version-history":[{"count":5,"href":"https:\/\/www.viaferrata-alpes.com\/en\/wp-json\/wp\/v2\/pages\/537\/revisions"}],"predecessor-version":[{"id":1116,"href":"https:\/\/www.viaferrata-alpes.com\/en\/wp-json\/wp\/v2\/pages\/537\/revisions\/1116"}],"wp:attachment":[{"href":"https:\/\/www.viaferrata-alpes.com\/en\/wp-json\/wp\/v2\/media?parent=537"}],"curies":[{"name":"wp","href":"https:\/\/api.w.org\/{rel}","templated":true}]}}