{"id":755,"date":"2025-07-07T11:03:10","date_gmt":"2025-07-07T09:03:10","guid":{"rendered":"https:\/\/www.viaferrata-alpes.com\/precautions-safety\/"},"modified":"2026-08-24T11:52:51","modified_gmt":"2026-08-24T09:52:51","slug":"precautions-safety","status":"publish","type":"page","link":"https:\/\/www.viaferrata-alpes.com\/en\/precautions-safety\/","title":{"rendered":"Precautions &#038; Safety"},"content":{"rendered":"\n<div class=\"wp-block-ws-library-ws-header-interne alignfull\"><div class=\"alignwide\"><div class=\"yoast-breadcrumbs\"><span><span><a href=\"https:\/\/www.viaferrata-alpes.com\/en\/\">Home<\/a><\/span>  <span class=\"breadcrumb_last\" aria-current=\"page\">Precautions &#038; Safety<\/span><\/span><\/div><div class=\"columns\"><div class=\"group-media has-image\"><img loading=\"lazy\" decoding=\"async\" width=\"1703\" height=\"2560\" src=\"https:\/\/www.viaferrata-alpes.com\/wp-content\/uploads\/2025\/07\/2019-vf-chraoul-getraud106-scaled.jpg\" alt=\"\" class=\"image_large_square wp-image-329 \" srcset=\"https:\/\/www.viaferrata-alpes.com\/wp-content\/uploads\/2025\/07\/2019-vf-chraoul-getraud106-scaled.jpg 1703w, https:\/\/www.viaferrata-alpes.com\/wp-content\/uploads\/2025\/07\/2019-vf-chraoul-getraud106-scaled-200x300.jpg 200w, https:\/\/www.viaferrata-alpes.com\/wp-content\/uploads\/2025\/07\/2019-vf-chraoul-getraud106-scaled-681x1024.jpg 681w, https:\/\/www.viaferrata-alpes.com\/wp-content\/uploads\/2025\/07\/2019-vf-chraoul-getraud106-scaled-768x1154.jpg 768w, https:\/\/www.viaferrata-alpes.com\/wp-content\/uploads\/2025\/07\/2019-vf-chraoul-getraud106-scaled-1022x1536.jpg 1022w, https:\/\/www.viaferrata-alpes.com\/wp-content\/uploads\/2025\/07\/2019-vf-chraoul-getraud106-scaled-1362x2048.jpg 1362w, https:\/\/www.viaferrata-alpes.com\/wp-content\/uploads\/2025\/07\/2019-vf-chraoul-getraud106-scaled-426x640.jpg 426w, https:\/\/www.viaferrata-alpes.com\/wp-content\/uploads\/2025\/07\/2019-vf-chraoul-getraud106-scaled-67x100.jpg 67w\" sizes=\"auto, (max-width: 1703px) 100vw, 1703px\" \/><\/div><div class=\"group-content\"><div class=\"title\"><h1>Pr\u00e9cautions &amp; s\u00e9curit\u00e9<\/h1><\/div><div class=\"introduction\"><p><\/p><\/div><\/div><\/div><\/div><\/div>\n\n\n\n<h2 class=\"wp-block-heading has-text-align-center\">Pr\u00e9parer sa venue \u00e0 la via ferrata <\/h2>\n\n\n\n<div class=\"wp-block-ws-library-ws-documents\">\n<div class=\"wp-block-ws-library-ws-document\"><a href=\"https:\/\/www.viaferrata-alpes.com\/wp-content\/uploads\/2025\/07\/via-ferrata-consignes-de-securite.pdf\" target=\"_blank\" rel=\"noopener noreferrer\" class=\"link-document\">Via ferrata &#8211; Consignes de s\u00e9curit\u00e9<\/a><\/div>\n<\/div>\n\n\n\n<h2 class=\"wp-block-heading\">Pr\u00e9requis&nbsp;:<\/h2>\n\n\n\n<p class=\"wp-block-paragraph\">Pour la pratique de cette activit\u00e9, il est n\u00e9cessaire de ne pas \u00eatre sensible au <strong>vertige<\/strong>. En effet, le site de la Grande Fistoire est r\u00e9put\u00e9 pour son caract\u00e8re a\u00e9rien. Une <strong>bonne condition physique<\/strong> est aussi indispensable. Sans quoi, l\u2019exercice risque de se r\u00e9v\u00e9ler p\u00e9rilleux et mettre votre s\u00e9curit\u00e9 en danger.<\/p>\n\n\n\n<h2 class=\"wp-block-heading\">Comment s\u2019habiller&nbsp;?<\/h2>\n\n\n\n<p class=\"wp-block-paragraph\">Pr\u00e9voir une <strong>tenue de sport confortable<\/strong> et adapt\u00e9e en fonction de la saison. <strong>Les shorts et tee-shirt doivent \u00eatre assez longs <\/strong>pour que les sangles du baudrier ne soient pas \u00e0 m\u00eame la peau.<br><strong>Pr\u00e9voir, des gants ou des mitaines <\/strong>permettant de manipuler ais\u00e9ment les mousquetons.<\/p>\n\n\n\n<h2 class=\"wp-block-heading\">Que contient mon sac \u00e0 dos&nbsp;? <\/h2>\n\n\n\n<ul class=\"wp-block-list\">\n<li>1 litre d\u2019eau \u00e0 2l minimum d\u2019eau par personne un sac \u00e0 dos\/personne&nbsp;;<\/li>\n\n\n\n<li>une tenue de sport confortable et adapt\u00e9e en fonction de la saison&nbsp;;<\/li>\n\n\n\n<li>les chaussures \u00e0 semelles lisses ne conviennent pas. N\u00e9cessit\u00e9 de pr\u00e9voir de bonnes baskets (type running) ou des chaussures de randonn\u00e9e ou des chaussures de trail&nbsp;;<\/li>\n\n\n\n<li>de quoi se restaurer en cas de fatigue<\/li>\n\n\n\n<li>une paire de gants ou mitaines vous permettant de manipuler le mat\u00e9riel&nbsp;;<\/li>\n\n\n\n<li>de la cr\u00e8me solaire.<\/li>\n<\/ul>\n\n\n\n<h2 class=\"wp-block-heading\">Comment s\u2019\u00e9quiper&nbsp;<\/h2>\n\n\n\n<div class=\"wp-block-ws-library-ws-video\"><div class=\"wrapper\"><div class=\"group-media\">\n<figure class=\"wp-block-video video-block\"><video height=\"1920\" style=\"aspect-ratio: 1080 \/ 1920;\" width=\"1080\" controls src=\"https:\/\/www.viaferrata-alpes.com\/wp-content\/uploads\/2025\/07\/video-epi-comment-sequiper.mp4\"><\/video><\/figure>\n<\/div><\/div><\/div>\n\n\n\n<h2 class=\"wp-block-heading\">Comment progresser en via ferrata&nbsp;?<\/h2>\n\n\n\n<p class=\"wp-block-paragraph\">Vous allez grimper sur une falaise \u00e9quip\u00e9e de barreau m\u00e9tallique comme si vous grimpiez sur une \u00e9chelle.<\/p>\n\n\n\n<p class=\"wp-block-paragraph\">Pour assurer votre s\u00e9curit\u00e9, un c\u00e2ble, appel\u00e9 ligne de vie, suit le cheminement des barreaux. Il est ancr\u00e9 tous les 3 \u00e0 4 m\u00e8tres \u00e0 la paroi.<\/p>\n\n\n\n<p class=\"wp-block-paragraph\">Vous posez en permanence vos 2 mousquetons sur le c\u00e2ble, un dans un sens, l\u2019autre dans l\u2019autre sens.<\/p>\n\n\n\n<p class=\"wp-block-paragraph\">Lorsque vous arrivez en but\u00e9e contre un point d\u2019ancrage, vous prenez un mousqueton, vous le passez apr\u00e8s le point d\u2019ancrage. Puis, vous faites de m\u00eame avec le 2<sup>e<\/sup> mousqueton. <strong>Toujours un apr\u00e8s l\u2019autre. Toujours un mousqueton \u00e0 la fois&nbsp;!<\/strong><\/p>\n\n\n\n<p class=\"wp-block-paragraph\">Pensez \u00e0 passer votre bras sous vos longes lors de la progression&nbsp;: de cette mani\u00e8re, vos mousquetons vous suivront facilement.<\/p>\n\n\n\n<p class=\"wp-block-paragraph\">Si vous louez une longe ou kit complet, une d\u00e9gaine de repos est fournie.<br>En cas de fatigue, vous pouvez poser cette d\u00e9gaine sur un barreau, tout en laissant vos deux mousquetons de progression sur le c\u00e2ble.<\/p>\n\n\n\n<p class=\"wp-block-paragraph\">Vous pourrez ainsi vous asseoir dans votre baudrier et rel\u00e2cher les bras, boire un peu d\u2019eau ou prendre des photos.<\/p>\n\n\n\n<h2 class=\"wp-block-heading\">Comment utiliser les tyroliennes&nbsp;?<\/h2>\n\n\n\n<div class=\"wp-block-ws-library-ws-video\"><div class=\"wrapper\"><div class=\"group-media\">\n<figure class=\"wp-block-video video-block\"><video height=\"1080\" style=\"aspect-ratio: 1920 \/ 1080;\" width=\"1920\" controls src=\"https:\/\/www.viaferrata-alpes.com\/wp-content\/uploads\/2025\/10\/brief-tyro-v2-ok-allege.mp4\"><\/video><\/figure>\n<\/div><\/div><\/div>\n\n\n\n<p class=\"wp-block-paragraph\"><strong>Consignes de s\u00e9curit\u00e9&nbsp;: N\u2019h\u00e9sitez pas \u00e0 prendre le temps de parcourir ces lignes. Votre s\u00e9curit\u00e9 en d\u00e9pend&nbsp;! Et nous gagnerons du temps lors de votre accueil\u2026<\/strong><\/p>\n\n\n\n<p class=\"wp-block-paragraph\">Afin d\u2019effectuer cette activit\u00e9 en s\u00e9curit\u00e9, <strong>vous devez pouvoir bien comprendre les pr\u00e9sentes consignes <\/strong>ainsi que l\u2019ensemble des personnes qui vous accompagnent, dans le cas contraire, ne vous engagez pas seuls et faites appel \u00e0 un guide (nous contacter 0492684039).<\/p>\n\n\n\n<p class=\"wp-block-paragraph\">Les via ferrata se trouvent sur des terrains communaux et de gestion intercommunale. <strong>La redevance est obligatoire<\/strong>.<\/p>\n\n\n\n<p class=\"wp-block-paragraph\"><strong>La via est interdite lorsque la m\u00e9t\u00e9o n\u2019est pas favorable <\/strong>(pluie, vent fort, orage\u2026) La r\u00e9gie des via ferrata est d\u00e9cideuse de l\u2019ouverture des deux parcours.<\/p>\n\n\n\n<h2 class=\"wp-block-heading\">Autonomie ?<\/h2>\n\n\n\n<p class=\"wp-block-paragraph\">Les via ferrata ne sont pas des parcours aventures dans les arbres o\u00f9 vous \u00eates assist\u00e9s d\u2019op\u00e9rateurs. Il s\u2019agit bien de vous retrouver \u00e0 plusieurs centaines de m\u00e8tres du sol dans une activit\u00e9 n\u00e9cessitant une bonne forme physique, (votre poids a des cons\u00e9quences directes sur le mat\u00e9riel comme les longes et les obstacles, passages surplombants et les tyroliennes..) et une certaine maitrise de soi. Sans assistance ext\u00e9rieure, vous devrez \u00e9voluer sous une s\u00e9curit\u00e9 active (de votre fait). <strong>Avoir le vertige est r\u00e9dhibitoire pour cette activit\u00e9<\/strong><strong>.<\/strong><\/p>\n\n\n\n<p class=\"wp-block-paragraph\"><strong>Cette via ferrata est d\u00e9conseill\u00e9 pour les enfants de moins de 12 ans (taille et poids souvent incompatibles).<\/strong><\/p>\n\n\n\n<h2 class=\"wp-block-heading\">Mat\u00e9riel technique indispensable :<\/h2>\n\n\n\n<p class=\"wp-block-paragraph\">En pr\u00e9ambule, ce mat\u00e9riel doit \u00eatre aux normes, non-p\u00e9rim\u00e9, en bon \u00e9tat et adapt\u00e9 sp\u00e9cifiquement \u00e0 <strong>notre <\/strong>via ferrata, ne faites confiance \u00e0 personne d\u2019autres que les gestionnaires \u00e0 l\u2019origine des parcours, pour vous dire ce qui est op\u00e9rationnel et ce qui ne l\u2019est pas (poulies).<\/p>\n\n\n\n<p class=\"wp-block-paragraph\">Le mat\u00e9riel qui est mis \u00e0 votre disposition par nos soins est bien entendu adapt\u00e9, suivi et entretenu, vous assumez la responsabilit\u00e9 de tout autre \u00e9quipement vous appartenant.<\/p>\n\n\n\n<p class=\"wp-block-paragraph\">La R\u00e9gie des Via Ferrata et son personnel ne sauraient \u00eatre tenus responsables pour une mauvaise utilisation, adaptation ou d\u00e9faillance de votre mat\u00e9riel. En outre, La R\u00e9gie des Via Ferrata et son personnel se r\u00e9servent le droit de refuser l\u2019acc\u00e8s ou d\u2019engager des poursuites \u00e0 l\u2019encontre de personnes ayant un comportement inadapt\u00e9, ne respectant pas les consignes, suspect\u00e9es d\u2019\u00eatre sous l\u2019emprise de substances stup\u00e9fiantes, alcoolis\u00e9es ou mal \u00e9quip\u00e9es.<\/p>\n\n\n\n<ul class=\"wp-block-list\">\n<li><strong>Casque <\/strong>d\u2019alpinisme (pas de VTT) afin de parer aux chocs et possibles chutes de pierres (vent, animaux\u2026)<\/li>\n\n\n\n<li><strong>Harnais <\/strong>d\u2019escalade.<\/li>\n\n\n\n<li> <strong>Longes doubles <\/strong>avec mousquetons de s\u00e9curit\u00e9 type \u00ab via ferrata \u00bb et <strong>absorbeur de choc obligatoire. (Attention&nbsp;! longes fonctionnant entre 40 et 110kg).<\/strong><\/li>\n\n\n\n<li><strong>Poulie de type TANDEM SPEED ou TRACK <\/strong>de chez PETZL, sur roulement \u00e0 billes avec une longe adapt\u00e9e ne d\u00e9passant pas 40 cm de longueur.<\/li>\n\n\n\n<li><strong>Sac \u00e0 dos <\/strong>de randonn\u00e9e (<strong>beaucoup d\u2019eau<\/strong>, t\u00e9l\u00e9phone, vivres de course, pharmacie, habits de rechanges en cas de mauvais temps, cr\u00e8me solaire, gants\u2026).<\/li>\n\n\n\n<li>Tenue de sport confortable, fonction des conditions m\u00e9t\u00e9o du moment. Eviter tee-shirt et shorts trop courts pour que les sangles du baudrier ne soient pas \u00e0 m\u00eame la peau.<\/li>\n\n\n\n<li>Chaussures de randonn\u00e9e, de trail ou de bonnes baskets. <strong>Chaussures \u00e0 semelles lisses proscrites.<\/strong><\/li>\n<\/ul>\n\n\n\n<h2 class=\"wp-block-heading\">Mise en place du mat\u00e9riel :<\/h2>\n\n\n\n<ul class=\"wp-block-list\">\n<li><strong> Harnais : il doit \u00eatre \u00e0 votre taille <\/strong>(S\/M pour les personnes de 40 \u00e0 70kg, L\/XL pour les personnes entre 70 et 110 kg)&nbsp;; une fois les sangles agrandies au maximum, disposez les longes vers l\u2019avant et remontez le harnais sur vos hanches, commencez par serrer assez fort (mais raisonnablement) la sangle de la taille afin que votre harnais reste au-dessus des os de votre bassin. Ajustez les sangles des jambes sans forcer (les sangles sont munies de syst\u00e8mes de serrages \u00ab auto-lock \u00bb anti-retour). <strong>Attention, les anneaux sur les c\u00f4t\u00e9s du harnais ne r\u00e9sistent pas \u00e0 votre poids, ils sont uniquement destin\u00e9s \u00e0 ranger du mat\u00e9riel.<\/strong><\/li>\n\n\n\n<li><strong> Casques<\/strong> : agrandir au maximum le serrage post\u00e9rieur (molette), placez le casque sur votre t\u00eate et serrez jusqu\u2019\u00e0 ce que le casque ne tombe plus sur votre visage. Ajuster la sangle jugulaire sans \u00e9tranglement.<\/li>\n\n\n\n<li><strong>Longes et poulies<\/strong> : en fonction de votre mat\u00e9riel, <strong>veillez \u00e0 avoir bien compris o\u00f9 se fixent les longes de progression et la poulie.<\/strong><\/li>\n<\/ul>\n\n\n\n<p class=\"wp-block-paragraph\"><strong>Attention&nbsp;: le mat\u00e9riel lou\u00e9 est con\u00e7u pour des poids de 50 kg \u00e0 100 kg. Si vous \u00eates en dehors de cette fourchette, il est imp\u00e9ratif de nous le signaler lors de la r\u00e9servation<\/strong><\/p>\n\n\n\n<h2 class=\"wp-block-heading\">Techniques d\u2019\u00e9volution :<\/h2>\n\n\n\n<p class=\"wp-block-paragraph\">Vous allez grimper sur une falaise \u00e9quip\u00e9e de barreaux m\u00e9talliques comme si vous grimpiez sur une \u00e9chelle<\/p>\n\n\n\n<ul class=\"wp-block-list\">\n<li>L\u2019encordement avec une corde d\u2019escalade est recommand\u00e9 <strong>(obligatoire pour les personnes de moins de 4Okg pour lesquelles l\u2019absorbeur d\u2019\u00e9nergie des longes ne fonctionne pas)<\/strong> mais n\u00e9cessite des comp\u00e9tences dans sa gestion (choix de la corde et de sa longueur, noeuds\u2026).<\/li>\n\n\n\n<li>A chaque point d\u2019ancrage de la ligne de vie (et d\u00e8s que possible) passez vos mousquetons l\u2019un apr\u00e8s l\u2019autre sur le segment suivant. Ayez conscience \u00e0 chaque instant de la trajectoire que vous pourriez suivre dans le cas d\u2019une chute et de ses cons\u00e9quences en mati\u00e8re d\u2019impact. En via ferrata, ne prenez pas la chute \u00e0 la l\u00e9g\u00e8re.<\/li>\n\n\n\n<li>Les mousquetons sont personnels, <strong>ne jamais toucher les mousquetons d\u2019une autre personne<\/strong>, idem avec les poulies. <strong>Ne pas avancer avec les mousquetons dans les mains pour gagner du temps, ceci est source d\u2019accidents<\/strong> <strong>tr\u00e8s graves.<\/strong><\/li>\n\n\n\n<li>Pas plus d\u2019une personne entre deux points d\u2019ancrage de la ligne de vie (hors secours ou assistance \u00e0 une personne en difficult\u00e9).<\/li>\n\n\n\n<li>Vos deux longes peuvent \u00eatre associ\u00e9es \u00e0 une troisi\u00e8me sangle plus courte destin\u00e9e \u00e0 vous connecter \u00e0 un barreau pour vous reposer ou avoir les mains libres. Veillez \u00e0 <strong>ne pas connecter cette longe \u00e0 votre harnais <\/strong>car cela pourrait court-circuiter le syst\u00e8me d\u2019absorption d\u2019\u00e9nergie de des longes.<\/li>\n<\/ul>\n\n\n\n<h2 class=\"wp-block-heading\">Les tyroliennes :<\/h2>\n\n\n\n<p class=\"wp-block-paragraph\"><strong>Les tyroliennes sont les agr\u00e8s qui n\u00e9cessitent le plus de concentration et peuvent engendrer des erreurs dramatiques<\/strong>, chaque \u00e9l\u00e9ment est essentiel et la s\u00e9quence \u00e0 suivre est simple mais incontournable. <strong>Toute autre organisation est dangereuse<\/strong>.<\/p>\n\n\n\n<p class=\"wp-block-paragraph\"><strong>Les tyroliennes ne sont pas obligatoires<\/strong>, elles sont toutes munies d\u2019\u00e9chappatoires permettant de les \u00e9viter. Un panneau rappelant les consignes est install\u00e9 \u00e0 chaque d\u00e9part ainsi que pour les \u00e9chappatoires.<\/p>\n\n\n\n<ul class=\"wp-block-list\">\n<li>Pas plus d\u2019une personne sur chaque tyrolienne<strong>. NE JAMAIS REJOINDRE QUELQU\u2019UN BLOQU\u00c9 SUR UNE TYROLIENNE (risque mortel de collision). Appelez les secours puis l\u2019accueil de la via ferrata.<\/strong><\/li>\n\n\n\n<li>Assurez-vous de votre capacit\u00e9 physique (force dans les bras) afin de pouvoir rejoindre la fin de la tyrolienne si besoin.<\/li>\n\n\n\n<li>Veiller \u00e0 ce que personne ne soit sur le c\u00e2ble. Si pr\u00e9sence d\u2019une personne, <strong>laisser la personne se d\u00e9tacher tranquillement et quitter la zone d\u2019arriv\u00e9e afin de ne pas la percuter.<\/strong><\/li>\n\n\n\n<li>Installer la poulie et les longes conform\u00e9ment \u00e0 ce qui est indiqu\u00e9 sur les panneaux et aux recommandations re\u00e7ues lors du briefing. <strong>Veillez \u00e0 ce que la distance entre la poulie et votre harnais vous permette de saisir le c\u00e2ble en fin de tyrolienne (30 \u00e0 40 cm max&nbsp;; pour la longe de poulie). Dans le cas contraire, vous ne pourriez pas rejoindre la fin de la tyrolienne, vous seriez bloqu\u00e9s.<\/strong><\/li>\n\n\n\n<li>Ne pas oublier de poser les mousquetons des longes de progression au-dessus de la poulie.<\/li>\n\n\n\n<li>Poser une main sur la poulie (attention&nbsp;: les doigts ne doivent pas d\u00e9passer). De cette mani\u00e8re, cela vous \u00e9vitera de tourner dans les airs et vous permettra d\u2019arriver de face.<\/li>\n\n\n\n<li><strong>Ne pas vous \u00e9lancer au d\u00e9part de la tyrolienne, ne prenez pas de position a\u00e9rodynamique, vous arriveriez trop vite, risque de collision.<\/strong><\/li>\n\n\n\n<li><strong> Pendant les travers\u00e9es, sur la premi\u00e8re moiti\u00e9 du c\u00e2ble, faire un grand \u00e9cart avec les jambes pour faire de la r\u00e9sistance \u00e0 l\u2019air et \u00e9viter de prendre trop de vitesse. Sur la deuxi\u00e8me moiti\u00e9 du c\u00e2ble, courir dans les airs pour arriver EN COURANT<\/strong> <strong>sur de grandes plateformes en bois,<\/strong> afin d\u2019amortir le choc et ne pas vous blesser aux genoux et aux chevilles (parapentistes et parachutistes font la m\u00eame chose pour atterrir).<\/li>\n\n\n\n<li>Ne vous fiez pas aux personnes vous ayant pr\u00e9c\u00e9d\u00e9&nbsp;: en fonction de votre poids, du vent, de la temp\u00e9rature, il se peut que vous arriviez plus ou moins loin.<\/li>\n\n\n\n<li>A l\u2019arriv\u00e9e<strong>, ne vous laissez pas repartir en arri\u00e8re<\/strong>, vous auriez besoin de beaucoup de force et de temps pour vous tirer jusqu\u2019\u00e0 l\u2019arriv\u00e9e de nouveau. <strong>Pensez donc bien \u00e0 attraper le filet \u00e0 l\u2019arriv\u00e9e pour vous stabiliser.<\/strong><\/li>\n\n\n\n<li> Si vous repartez en arri\u00e8re, laisser filer la poulie sans mettre vos mains sur le c\u00e2ble. Lorsqu\u2019elle s\u2019arr\u00eate, pivotez le dos \u00e0 l\u2019arriv\u00e9e puis tractez-vous, une main apr\u00e8s l\u2019autre jusqu\u2019\u00e0 la plateforme.<\/li>\n\n\n\n<li>Une fois arriv\u00e9, d\u00e9crochez d\u2019abord tout votre mat\u00e9riel. Puis, alertez la personne suivante en criant \u00ab&nbsp;libre&nbsp;\u00bb. Cette derni\u00e8re ne posera sa propre poulie que lorsqu\u2019elle aura entendu le signal clairement.<\/li>\n<\/ul>\n\n\n\n<p class=\"wp-block-paragraph\"><strong>Attention&nbsp;: la longe de la poulie ne doit pas mesurer plus de 40 cm<\/strong><\/p>\n\n","protected":false},"excerpt":{"rendered":"<p>Pr\u00e9parer sa venue \u00e0 la via ferrata Pr\u00e9requis&nbsp;: Pour la pratique de cette activit\u00e9, il est n\u00e9cessaire de ne pas \u00eatre sensible au vertige. En effet, le site de la Grande Fistoire est r\u00e9put\u00e9 pour son caract\u00e8re a\u00e9rien. Une bonne condition physique est aussi indispensable. Sans quoi, l\u2019exercice risque de se r\u00e9v\u00e9ler p\u00e9rilleux et mettre [&hellip;]<\/p>\n","protected":false},"author":1,"featured_media":0,"parent":0,"menu_order":0,"comment_status":"closed","ping_status":"closed","template":"","meta":{"_acf_changed":false,"footnotes":""},"class_list":["post-755","page","type-page","status-publish","hentry"],"acf":[],"yoast_head":"<!-- This site is optimized with the Yoast SEO plugin v28.3 - https:\/\/yoast.com\/product\/yoast-seo-wordpress\/ -->\n<title>Precautions &amp; Safety - Viaferrata Alpes<\/title>\n<meta name=\"robots\" content=\"index, follow, max-snippet:-1, max-image-preview:large, max-video-preview:-1\" \/>\n<link rel=\"canonical\" href=\"https:\/\/www.viaferrata-alpes.com\/en\/precautions-safety\/\" \/>\n<meta property=\"og:locale\" content=\"en_US\" \/>\n<meta property=\"og:type\" content=\"article\" \/>\n<meta property=\"og:title\" content=\"Precautions &amp; Safety - Viaferrata Alpes\" \/>\n<meta property=\"og:description\" content=\"Pr\u00e9parer sa venue \u00e0 la via ferrata Pr\u00e9requis&nbsp;: Pour la pratique de cette activit\u00e9, il est n\u00e9cessaire de ne pas \u00eatre sensible au vertige. En effet, le site de la Grande Fistoire est r\u00e9put\u00e9 pour son caract\u00e8re a\u00e9rien. Une bonne condition physique est aussi indispensable. Sans quoi, l\u2019exercice risque de se r\u00e9v\u00e9ler p\u00e9rilleux et mettre [&hellip;]\" \/>\n<meta property=\"og:url\" content=\"https:\/\/www.viaferrata-alpes.com\/en\/precautions-safety\/\" \/>\n<meta property=\"og:site_name\" content=\"Viaferrata Alpes\" \/>\n<meta property=\"article:modified_time\" content=\"2026-08-24T09:52:51+00:00\" \/>\n<meta property=\"og:image\" content=\"https:\/\/www.viaferrata-alpes.com\/wp-content\/uploads\/2025\/07\/2019-vf-chraoul-getraud106-scaled.jpg\" \/>\n\t<meta property=\"og:image:width\" content=\"1703\" \/>\n\t<meta property=\"og:image:height\" content=\"2560\" \/>\n\t<meta property=\"og:image:type\" content=\"image\/jpeg\" \/>\n<meta name=\"twitter:card\" content=\"summary_large_image\" \/>\n<meta name=\"twitter:label1\" content=\"Est. reading time\" \/>\n\t<meta name=\"twitter:data1\" content=\"9 minutes\" \/>\n<script type=\"application\/ld+json\" class=\"yoast-schema-graph\">{\"@context\":\"https:\\\/\\\/schema.org\",\"@graph\":[{\"@type\":\"WebPage\",\"@id\":\"https:\\\/\\\/www.viaferrata-alpes.com\\\/en\\\/precautions-safety\\\/\",\"url\":\"https:\\\/\\\/www.viaferrata-alpes.com\\\/en\\\/precautions-safety\\\/\",\"name\":\"Precautions & Safety - Viaferrata Alpes\",\"isPartOf\":{\"@id\":\"https:\\\/\\\/www.viaferrata-alpes.com\\\/en\\\/#website\"},\"primaryImageOfPage\":{\"@id\":\"https:\\\/\\\/www.viaferrata-alpes.com\\\/en\\\/precautions-safety\\\/#primaryimage\"},\"image\":{\"@id\":\"https:\\\/\\\/www.viaferrata-alpes.com\\\/en\\\/precautions-safety\\\/#primaryimage\"},\"thumbnailUrl\":\"https:\\\/\\\/www.viaferrata-alpes.com\\\/wp-content\\\/uploads\\\/2025\\\/07\\\/2019-vf-chraoul-getraud106-scaled.jpg\",\"datePublished\":\"2025-07-07T09:03:10+00:00\",\"dateModified\":\"2026-08-24T09:52:51+00:00\",\"breadcrumb\":{\"@id\":\"https:\\\/\\\/www.viaferrata-alpes.com\\\/en\\\/precautions-safety\\\/#breadcrumb\"},\"inLanguage\":\"en-US\",\"potentialAction\":[{\"@type\":\"ReadAction\",\"target\":[\"https:\\\/\\\/www.viaferrata-alpes.com\\\/en\\\/precautions-safety\\\/\"]}]},{\"@type\":\"ImageObject\",\"inLanguage\":\"en-US\",\"@id\":\"https:\\\/\\\/www.viaferrata-alpes.com\\\/en\\\/precautions-safety\\\/#primaryimage\",\"url\":\"https:\\\/\\\/www.viaferrata-alpes.com\\\/wp-content\\\/uploads\\\/2025\\\/07\\\/2019-vf-chraoul-getraud106-scaled.jpg\",\"contentUrl\":\"https:\\\/\\\/www.viaferrata-alpes.com\\\/wp-content\\\/uploads\\\/2025\\\/07\\\/2019-vf-chraoul-getraud106-scaled.jpg\"},{\"@type\":\"BreadcrumbList\",\"@id\":\"https:\\\/\\\/www.viaferrata-alpes.com\\\/en\\\/precautions-safety\\\/#breadcrumb\",\"itemListElement\":[{\"@type\":\"ListItem\",\"position\":1,\"name\":\"Home\",\"item\":\"https:\\\/\\\/www.viaferrata-alpes.com\\\/en\\\/\"},{\"@type\":\"ListItem\",\"position\":2,\"name\":\"Precautions &#038; Safety\"}]},{\"@type\":\"WebSite\",\"@id\":\"https:\\\/\\\/www.viaferrata-alpes.com\\\/en\\\/#website\",\"url\":\"https:\\\/\\\/www.viaferrata-alpes.com\\\/en\\\/\",\"name\":\"Viaferrata Alpes\",\"description\":\"\",\"publisher\":{\"@id\":\"https:\\\/\\\/www.viaferrata-alpes.com\\\/en\\\/#organization\"},\"potentialAction\":[{\"@type\":\"SearchAction\",\"target\":{\"@type\":\"EntryPoint\",\"urlTemplate\":\"https:\\\/\\\/www.viaferrata-alpes.com\\\/en\\\/?s={search_term_string}\"},\"query-input\":{\"@type\":\"PropertyValueSpecification\",\"valueRequired\":true,\"valueName\":\"search_term_string\"}}],\"inLanguage\":\"en-US\"},{\"@type\":\"Organization\",\"@id\":\"https:\\\/\\\/www.viaferrata-alpes.com\\\/en\\\/#organization\",\"name\":\"Viaferrata Alpes\",\"url\":\"https:\\\/\\\/www.viaferrata-alpes.com\\\/en\\\/\",\"logo\":{\"@type\":\"ImageObject\",\"inLanguage\":\"en-US\",\"@id\":\"https:\\\/\\\/www.viaferrata-alpes.com\\\/en\\\/#\\\/schema\\\/logo\\\/image\\\/\",\"url\":\"https:\\\/\\\/www.viaferrata-alpes.com\\\/wp-content\\\/uploads\\\/2025\\\/06\\\/viaferrata-vertical-1.svg\",\"contentUrl\":\"https:\\\/\\\/www.viaferrata-alpes.com\\\/wp-content\\\/uploads\\\/2025\\\/06\\\/viaferrata-vertical-1.svg\",\"caption\":\"Viaferrata Alpes\"},\"image\":{\"@id\":\"https:\\\/\\\/www.viaferrata-alpes.com\\\/en\\\/#\\\/schema\\\/logo\\\/image\\\/\"}}]}<\/script>\n<!-- \/ Yoast SEO plugin. -->","yoast_head_json":{"title":"Precautions & Safety - Viaferrata Alpes","robots":{"index":"index","follow":"follow","max-snippet":"max-snippet:-1","max-image-preview":"max-image-preview:large","max-video-preview":"max-video-preview:-1"},"canonical":"https:\/\/www.viaferrata-alpes.com\/en\/precautions-safety\/","og_locale":"en_US","og_type":"article","og_title":"Precautions & Safety - Viaferrata Alpes","og_description":"Pr\u00e9parer sa venue \u00e0 la via ferrata Pr\u00e9requis&nbsp;: Pour la pratique de cette activit\u00e9, il est n\u00e9cessaire de ne pas \u00eatre sensible au vertige. En effet, le site de la Grande Fistoire est r\u00e9put\u00e9 pour son caract\u00e8re a\u00e9rien. Une bonne condition physique est aussi indispensable. Sans quoi, l\u2019exercice risque de se r\u00e9v\u00e9ler p\u00e9rilleux et mettre [&hellip;]","og_url":"https:\/\/www.viaferrata-alpes.com\/en\/precautions-safety\/","og_site_name":"Viaferrata Alpes","article_modified_time":"2026-08-24T09:52:51+00:00","og_image":[{"width":1703,"height":2560,"url":"https:\/\/www.viaferrata-alpes.com\/wp-content\/uploads\/2025\/07\/2019-vf-chraoul-getraud106-scaled.jpg","type":"image\/jpeg"}],"twitter_card":"summary_large_image","twitter_misc":{"Est. reading time":"9 minutes"},"schema":{"@context":"https:\/\/schema.org","@graph":[{"@type":"WebPage","@id":"https:\/\/www.viaferrata-alpes.com\/en\/precautions-safety\/","url":"https:\/\/www.viaferrata-alpes.com\/en\/precautions-safety\/","name":"Precautions & Safety - Viaferrata Alpes","isPartOf":{"@id":"https:\/\/www.viaferrata-alpes.com\/en\/#website"},"primaryImageOfPage":{"@id":"https:\/\/www.viaferrata-alpes.com\/en\/precautions-safety\/#primaryimage"},"image":{"@id":"https:\/\/www.viaferrata-alpes.com\/en\/precautions-safety\/#primaryimage"},"thumbnailUrl":"https:\/\/www.viaferrata-alpes.com\/wp-content\/uploads\/2025\/07\/2019-vf-chraoul-getraud106-scaled.jpg","datePublished":"2025-07-07T09:03:10+00:00","dateModified":"2026-08-24T09:52:51+00:00","breadcrumb":{"@id":"https:\/\/www.viaferrata-alpes.com\/en\/precautions-safety\/#breadcrumb"},"inLanguage":"en-US","potentialAction":[{"@type":"ReadAction","target":["https:\/\/www.viaferrata-alpes.com\/en\/precautions-safety\/"]}]},{"@type":"ImageObject","inLanguage":"en-US","@id":"https:\/\/www.viaferrata-alpes.com\/en\/precautions-safety\/#primaryimage","url":"https:\/\/www.viaferrata-alpes.com\/wp-content\/uploads\/2025\/07\/2019-vf-chraoul-getraud106-scaled.jpg","contentUrl":"https:\/\/www.viaferrata-alpes.com\/wp-content\/uploads\/2025\/07\/2019-vf-chraoul-getraud106-scaled.jpg"},{"@type":"BreadcrumbList","@id":"https:\/\/www.viaferrata-alpes.com\/en\/precautions-safety\/#breadcrumb","itemListElement":[{"@type":"ListItem","position":1,"name":"Home","item":"https:\/\/www.viaferrata-alpes.com\/en\/"},{"@type":"ListItem","position":2,"name":"Precautions &#038; Safety"}]},{"@type":"WebSite","@id":"https:\/\/www.viaferrata-alpes.com\/en\/#website","url":"https:\/\/www.viaferrata-alpes.com\/en\/","name":"Viaferrata Alpes","description":"","publisher":{"@id":"https:\/\/www.viaferrata-alpes.com\/en\/#organization"},"potentialAction":[{"@type":"SearchAction","target":{"@type":"EntryPoint","urlTemplate":"https:\/\/www.viaferrata-alpes.com\/en\/?s={search_term_string}"},"query-input":{"@type":"PropertyValueSpecification","valueRequired":true,"valueName":"search_term_string"}}],"inLanguage":"en-US"},{"@type":"Organization","@id":"https:\/\/www.viaferrata-alpes.com\/en\/#organization","name":"Viaferrata Alpes","url":"https:\/\/www.viaferrata-alpes.com\/en\/","logo":{"@type":"ImageObject","inLanguage":"en-US","@id":"https:\/\/www.viaferrata-alpes.com\/en\/#\/schema\/logo\/image\/","url":"https:\/\/www.viaferrata-alpes.com\/wp-content\/uploads\/2025\/06\/viaferrata-vertical-1.svg","contentUrl":"https:\/\/www.viaferrata-alpes.com\/wp-content\/uploads\/2025\/06\/viaferrata-vertical-1.svg","caption":"Viaferrata Alpes"},"image":{"@id":"https:\/\/www.viaferrata-alpes.com\/en\/#\/schema\/logo\/image\/"}}]}},"_links":{"self":[{"href":"https:\/\/www.viaferrata-alpes.com\/en\/wp-json\/wp\/v2\/pages\/755","targetHints":{"allow":["GET"]}}],"collection":[{"href":"https:\/\/www.viaferrata-alpes.com\/en\/wp-json\/wp\/v2\/pages"}],"about":[{"href":"https:\/\/www.viaferrata-alpes.com\/en\/wp-json\/wp\/v2\/types\/page"}],"author":[{"embeddable":true,"href":"https:\/\/www.viaferrata-alpes.com\/en\/wp-json\/wp\/v2\/users\/1"}],"replies":[{"embeddable":true,"href":"https:\/\/www.viaferrata-alpes.com\/en\/wp-json\/wp\/v2\/comments?post=755"}],"version-history":[{"count":11,"href":"https:\/\/www.viaferrata-alpes.com\/en\/wp-json\/wp\/v2\/pages\/755\/revisions"}],"predecessor-version":[{"id":1110,"href":"https:\/\/www.viaferrata-alpes.com\/en\/wp-json\/wp\/v2\/pages\/755\/revisions\/1110"}],"wp:attachment":[{"href":"https:\/\/www.viaferrata-alpes.com\/en\/wp-json\/wp\/v2\/media?parent=755"}],"curies":[{"name":"wp","href":"https:\/\/api.w.org\/{rel}","templated":true}]}}